{"id":424,"date":"2018-04-22T09:49:01","date_gmt":"2018-04-22T09:49:01","guid":{"rendered":"http:\/\/aequivigor.ch\/wordpress\/?page_id=424"},"modified":"2026-02-16T06:29:18","modified_gmt":"2026-02-16T06:29:18","slug":"faelle","status":"publish","type":"page","link":"http:\/\/aequivigor.ch\/wordpress\/?page_id=424","title":{"rendered":"F\u00e4lle"},"content":{"rendered":"<h4>Katzen<\/h4>\n<h5>Mia: Stressbedingter kahler Bauch<\/h5>\n<div data-ghheaderwithclosetag=\"div\">Unsere Katze Mia kam vor 5 Jahren ungef\u00e4hr 1-j\u00e4hrig aus dem Tierheim zu uns. Im Fr\u00fchling vor gut zwei Jahren begann sie pl\u00f6tzlich, am Bauch und an den Innenseiten von Beinen und Schwanz ihr Fell zu verlieren. Gleichzeitig war sie &#8211; wie auch schon die Fr\u00fchjahre zuvor &#8211; unheimlich aktiv und hatte kaum Zeit, f\u00fcr das Essen nach Hause zu kommen. Der Besuch bei einem Tierarzt brachte leider keine Erkenntnis, doch als die Haare im Herbst wieder zur\u00fcckkamen, schien die Welt in Ordnung. Als im n\u00e4chsten Fr\u00fchling das Fell erneut schwand, versuchten wir, ihren Alltag anzupassen und unter anderem stellten wir das Futter komplett um. Auch dies ohne grossen Erfolg. Im dritten und damit im vergangenen Fr\u00fchling dieselbe Entwicklung, sodass ich mich auf die Suche nach einer Tierheilpraktikerin machte und bei Isabelle f\u00fcndig wurde &#8211; zu unserem grossen Gl\u00fcck. Nach einer gr\u00fcndlichen Anamnese und einem Besuch bei uns Zuhause verschrieb sie Mia eine Kombination aus Bachbl\u00fctentropfen, Vitalpilzen und CBD-\u00d6l. Mia nahm die Kur problemlos an und heute, nach drei Monaten Behandlung, ist sie entspannt, gesund und munter und von einem pr\u00e4chtigen Haarkleid bedeckt \ud83d\ude42<\/div>\n<div data-ghheaderwithclosetag=\"div\">Ich danke dir nochmals herzlich! Liebe Gr\u00fcsse,<\/div>\n<div data-ghheaderwithclosetag=\"div\">R.W.<\/div>\n<h5 data-ghheaderwithclosetag=\"div\">Chronischer Schnupfen<\/h5>\n<p data-ghheaderwithclosetag=\"div\">Katze Luna, 5-j\u00e4hrig hat seit Jahren wiederkehrender Schnupfen mit Niesanf\u00e4llen, tr\u00e4nenden Augen und verkrusteter Nase. Teilweise auch entz\u00fcndete Z\u00e4hne. Gewicht vor der Behandlung 2.9kg. \u00a0Nach verschiedenen konventionellen Behandlungen (wiederholte Antibiose, Kortison-Behandlung und ein Versuch mit Hom\u00f6opathie) kam Luna\u2018s Besitzerin zu mir. Es wurde mit einer kombinierten Behandlung, bestehend au<a href=\"http:\/\/aequivigor.ch\/wordpress\/wp-content\/uploads\/2018\/04\/Luna-nov17.jpg\"><img loading=\"lazy\" class=\"alignright wp-image-429\" src=\"http:\/\/aequivigor.ch\/wordpress\/wp-content\/uploads\/2018\/04\/Luna-nov17-300x225.jpg\" alt=\"\" width=\"200\" height=\"152\" \/><\/a>s t\u00e4glicher Inhalation mit Pflanzeninfusion, Einnahme eines hom\u00f6opathischen Mittels gegen Stress sowie Sch\u00fcsslersalze gearbeitet. Nach etwa 4 Wochen war Luna symptomenfrei und seit Fr\u00fchling 2017 hat sie keinen Schnupfen mehr gehabt. Sie hat auch keine entz\u00fcndeten Z\u00e4hne mehr\u00a0und wiegt jetzt 3.5kg.<\/p>\n<blockquote>\n<div><\/div>\n<\/blockquote>\n<h4><span style=\"background-color: #ffffff;\">Angst<\/span><\/h4>\n<p><span style=\"background-color: #ffffff; color: #000000;\"><strong>Momo<\/strong><\/span><\/p>\n<p><span style=\"color: #000000; background-color: #ffffff;\">Wir haben Momo \u2013 unser zehnj\u00e4hriges B\u00fcsi &#8211; im Fr\u00fchling 2019 aus dem Tierheim \u00fcbernommen. Seine Vorgeschichte ist uns nicht bekannt; sein Alter ist daher gesch\u00e4tzt. Momo hat sich bei uns prima eingelebt und wir konnten von der ersten Minute an eine gute und vertrauensvolle Verbindung zueinander aufbauen. Er ist ein sehr selbst\u00e4ndiger Kater und liebt es, Spazierg\u00e4nge durch den Garten zu machen. Gleichzeitig ist er sehr anh\u00e4nglich, verschmust und verspielt. \u00dcberrascht hat uns, dass sein Verhalten unseren Besuchern gegen\u00fcber sehr \u00e4ngstlich und misstrauisch ist. Selbst vom eigens organisierten \u201cFeriensitter\u201d aus dem famili\u00e4ren Umfeld, welcher w\u00e4hrend unseren Abwesenheiten bei uns wohnt, wollte Momo partout nichts wissen. <a href=\"http:\/\/aequivigor.ch\/wordpress\/wp-content\/uploads\/2019\/09\/Momo-16062019-018.jpg\"><img loading=\"lazy\" class=\"alignright  wp-image-547\" src=\"http:\/\/aequivigor.ch\/wordpress\/wp-content\/uploads\/2019\/09\/Momo-16062019-018.jpg\" alt=\"\" width=\"124\" height=\"186\" srcset=\"http:\/\/aequivigor.ch\/wordpress\/wp-content\/uploads\/2019\/09\/Momo-16062019-018.jpg 3456w, http:\/\/aequivigor.ch\/wordpress\/wp-content\/uploads\/2019\/09\/Momo-16062019-018-200x300.jpg 200w, http:\/\/aequivigor.ch\/wordpress\/wp-content\/uploads\/2019\/09\/Momo-16062019-018-768x1152.jpg 768w, http:\/\/aequivigor.ch\/wordpress\/wp-content\/uploads\/2019\/09\/Momo-16062019-018-683x1024.jpg 683w, http:\/\/aequivigor.ch\/wordpress\/wp-content\/uploads\/2019\/09\/Momo-16062019-018-1140x1710.jpg 1140w, http:\/\/aequivigor.ch\/wordpress\/wp-content\/uploads\/2019\/09\/Momo-16062019-018-552x828.jpg 552w\" sizes=\"(max-width: 124px) 100vw, 124px\" \/><\/a><\/span><\/p>\n<p><span style=\"color: #000000; background-color: #ffffff;\">Da wir unseren Urlaub dennoch wie geplant durchf\u00fchren wollten, haben wir Isabelle Walther kontaktiert. Nach der schriftlichen Vorabkl\u00e4rung hat uns Isabelle zu Hause aufgesucht und wir haben mit ihr die Sachlage im Details besprochen und uns f\u00fcr eine Bachbl\u00fctenkur entschieden. Fazit: Momo ist am ersten Tag eher zur\u00fcckhaltend auf den Feriensitter zugegangen; doch bereits ab dem zweiten Tag ist es zu einer Freundschaft gekommen, welche bis heute anh\u00e4lt.<\/span><\/p>\n<p><span style=\"color: #000000; background-color: #ffffff;\">Wir danken Isabelle f\u00fcr die einf\u00fchlsame und tolle Beratung. \u00a0\u00a0<\/span><\/p>\n<p><span style=\"color: #000000; background-color: #ffffff;\">S.M., Z\u00fcrich<\/span><\/p>\n<p><strong>Lucky<\/strong><\/p>\n<p>Kater Lucky, 16-j\u00e4hrig, verbrachte seine ersten 6 Lebensmonate im Tierheim und lebte dann 15 Jahre bei den fr\u00fcheren Besitzern. Seit Februar 2018 lebt er beim deren Sohn.\u00a0Der Kater war immer schon sehr \u00e4ngstlich und verkroch sich unter dem Sofa. Gegen\u00fcber den Besitzern war er immer sehr misstrauisch.\u00a0Aufgrund der Symptome wurde er mit einer auf ihn abgestimmten Bachbl\u00fctenmischung behandelt.<\/p>\n<p><a href=\"http:\/\/aequivigor.ch\/wordpress\/wp-content\/uploads\/2018\/04\/Lucky-e1524388901212.jpg\"><img loading=\"lazy\" class=\"alignright wp-image-456\" src=\"http:\/\/aequivigor.ch\/wordpress\/wp-content\/uploads\/2018\/04\/Lucky-e1524388901212-225x300.jpg\" alt=\"\" width=\"167\" height=\"220\" \/><\/a>Feedback des Besitzers:\u00a0Lucky wurde zunehmend zutraulicher. Tags\u00fcber war er zwar noch immer oft im Dunkeln unter dem Bett oder Sofa.\u00a0Nachts konnte man sich ihm nun langsam ann\u00e4hern und es wurde zusehends m\u00f6glich mit ihm eine freundschaftliche Beziehung aufzubauen.\u00a0Am vierten Behandlungstag konnte man ihn erstmals so richtig streicheln und er fing auch an zu schnurren und rannte nicht mehr weg. Nach 1 Monat Behandlung liegt Lucky immer \u00f6fter auf seinem Katzenbaum.<\/p>\n<h4>Pferde<\/h4>\n<h5>Kleine Wunde<\/h5>\n<p>Es ist oft eine schwierige Entscheidung f\u00fcr eine Wunde selber zu handeln oder den Tierarzt anzurufen. \u00a0Nach dieser Schnittverletzung in der Gegend des Knies habe ich mein Pferd selber behandelt. Innerlich und \u00e4u\u00dferlich <a href=\"http:\/\/aequivigor.ch\/wordpress\/wp-content\/uploads\/2019\/08\/IMG_1984-e1566140951506.jpg\"><img loading=\"lazy\" class=\"alignright wp-image-530 size-thumbnail\" src=\"http:\/\/aequivigor.ch\/wordpress\/wp-content\/uploads\/2019\/08\/IMG_1984-e1566140951506-150x150.jpg\" alt=\"\" width=\"150\" height=\"150\" \/><\/a><\/p>\n<p style=\"text-align: left;\">mit Pflanzen und Vitalpilz-Salbe. Der 7 cm lange Schnitt war schon nach einem Tag trocken (Bild) und nach 10 Tagen k\u00f6nnten wir schon zusammen schwimmen gehen!<\/p>\n<h5>Verhaltensproblem<\/h5>\n<p>\u00c4ndert das Gem\u00fct deines Pferds und es will nicht mehr weg von Stall oder im Transporter steigen ? Oft sind es Reaktionen und nicht B\u00f6swilligkeit, sondern einen Hilferuf. Ich suche die Ursache, auch der*die Besitzer*in wird einbezogen. Pferde sind so oft Spiegel unseren eigenen Stress und Problem. \u00a0Bei Lionelle k\u00f6nnten wir, dank das fantastische Mitmachen der Besitzerin, sehr schnell wieder das Problem beheben und sie konnten beiden miteinander wieder fr\u00f6hliche Ausritte \u00a0machen.<\/p>\n<h5>Husten<\/h5>\n<p>Wegen immer wieder kehrendem Husten konnte das Pferd nicht mehr leistungsf\u00e4hig arbeiten. Die Haltung und der Stall waren optimal und stressfrei. Mit Mykotherapie, Spagyrik und eine Befeuchtungtherapie wurde das Problem innerhalb 8 Wochen eliminiert.<\/p>\n<h4>Hunde<\/h4>\n<h5>Giardien Befall:<\/h5>\n<p>Unsere H\u00fcndin Blue hatte sehr lange mit Giardien zu k\u00e4mpfen und hatte deswegen immer wieder Durchfall und manchmal auch Verstopfung. Nach ca. 8 Monaten mit X medikament\u00f6sen Behandlungen durch den Tierarzt, die wenig bis gar keine Besserung gebracht hatten, habe ich mich aufgrund einer Empfehlung an Isabelle gewendet. Isabelle kam bei uns vorbei, hat sich Blue ganz genau angeschaut und uns eine sehr wirksame Kur\/ Therapie verschrieben. Diese beinhaltete Vitalpilze, Gew\u00fcrze, Schonkost, genaue Hygienevorschriften etc. Schon nach wenigen Wochen, war Ihr Kot viel viel besser und ich wusste wir sind auf dem richtigen Weg. Wir haben die Kur ca. 3-4 Monate durchgezogen und es hat sich absolut gelohnt. Der Giardien Test war endlich negativ. Ich bin vor Freude fast durch die Decke :-). Das ist nun schon ein paar Monate her und Blue geht es super. Ihr Kot ist wieder ganz normal und sie ist gl\u00fccklich und gesund. Isabelle hat uns ganz toll unterst\u00fctzt. Ich hatte zwischendurch immer mal wieder eine Frage und sie hat mir immer umgehend und sehr zufriedenstellend geantwortet. Vielen lieben Dank liebe Isabelle! Sollten wir wieder einmal gesundheitliche Probleme haben, werde ich mich auf jeden Fall direkt wieder an dich wenden. (K.B.)<\/p>\n<h5>Nervenverletzung: Chip\u2019s Happy End Geschichte<\/h5>\n<p>Chip ist ein lebhafter Border Collie, leider ist er anfangs M\u00e4rz von einem Auto \u00fcberrollt worden und wurde schwer verletzt (Beckenboden Frakturen, kaudale Sakrumfraktur und Schwanzwirbelluxation). Seine schweren Verletzungen wurden tier\u00e4rztlich behandelt. In der Nachkontrolle wurde festgestellt, dass der Schwanz gel\u00e4hmt war und die Wahrscheinlichkeit einer Heilung der Nerven wurde als sehr gering gesch\u00e4tzt.<a href=\"http:\/\/aequivigor.ch\/wordpress\/wp-content\/uploads\/2020\/10\/CHIP-032020.png\"><img loading=\"lazy\" class=\"wp-image-673 alignright\" src=\"http:\/\/aequivigor.ch\/wordpress\/wp-content\/uploads\/2020\/10\/CHIP-032020.png\" alt=\"\" width=\"165\" height=\"125\" \/><\/a><\/p>\n<p>Die Empfehlung war, die Rute zu amputieren. \u00a0 Bild M\u00e4rz 2020<\/p>\n<p>Die Besitzerin wollte dies nicht und kam zu mir, um die allgemeine Regeneration von Chip mit Naturmitteln zu unterst\u00fctzen. Die Behandlung startete mit hochdosierten Vitalpilzen und Hom\u00f6opathie. Chip\u2019s allgemeine Regeneration war gut und schnell konnte er sich wieder normal bewegen und war munter. Sein Schwanz war noch anfangs h\u00e4ngend, aber nach 2 Monaten gab es schon Zeichen einer Empfindlichkeit bei Ber\u00fchrung und allm\u00e4hlich konnte er die Rute leicht heben. Anfangs Sommer war er in der Lage, seinen Schwanz waagrecht zu heben. Die Nerven hatten sich erholt und die Rute musste nicht amputiert werden.<\/p>\n<p style=\"text-align: left;\">Bild April, Mai und August 2020<\/p>\n<div id='gallery-1' class='gallery galleryid-424 gallery-columns-3 gallery-size-full'><figure class='gallery-item'>\n\t\t\t<div class='gallery-icon landscape'>\n\t\t\t\t<a href='http:\/\/aequivigor.ch\/wordpress\/?attachment_id=674'><img width=\"794\" height=\"535\" src=\"http:\/\/aequivigor.ch\/wordpress\/wp-content\/uploads\/2020\/10\/CHIP-042020.png\" class=\"attachment-full size-full\" alt=\"\" loading=\"lazy\" srcset=\"http:\/\/aequivigor.ch\/wordpress\/wp-content\/uploads\/2020\/10\/CHIP-042020.png 794w, http:\/\/aequivigor.ch\/wordpress\/wp-content\/uploads\/2020\/10\/CHIP-042020-300x202.png 300w, http:\/\/aequivigor.ch\/wordpress\/wp-content\/uploads\/2020\/10\/CHIP-042020-768x517.png 768w, http:\/\/aequivigor.ch\/wordpress\/wp-content\/uploads\/2020\/10\/CHIP-042020-552x372.png 552w\" sizes=\"(max-width: 794px) 100vw, 794px\" \/><\/a>\n\t\t\t<\/div><\/figure><figure class='gallery-item'>\n\t\t\t<div class='gallery-icon landscape'>\n\t\t\t\t<a href='http:\/\/aequivigor.ch\/wordpress\/?attachment_id=675'><img width=\"451\" height=\"316\" src=\"http:\/\/aequivigor.ch\/wordpress\/wp-content\/uploads\/2020\/10\/CHIP-052020.png\" class=\"attachment-full size-full\" alt=\"\" loading=\"lazy\" srcset=\"http:\/\/aequivigor.ch\/wordpress\/wp-content\/uploads\/2020\/10\/CHIP-052020.png 451w, http:\/\/aequivigor.ch\/wordpress\/wp-content\/uploads\/2020\/10\/CHIP-052020-300x210.png 300w\" sizes=\"(max-width: 451px) 100vw, 451px\" \/><\/a>\n\t\t\t<\/div><\/figure><figure class='gallery-item'>\n\t\t\t<div class='gallery-icon landscape'>\n\t\t\t\t<a href='http:\/\/aequivigor.ch\/wordpress\/?attachment_id=676'><img width=\"737\" height=\"405\" src=\"http:\/\/aequivigor.ch\/wordpress\/wp-content\/uploads\/2020\/10\/CHIP-082020.png\" class=\"attachment-full size-full\" alt=\"\" loading=\"lazy\" srcset=\"http:\/\/aequivigor.ch\/wordpress\/wp-content\/uploads\/2020\/10\/CHIP-082020.png 737w, http:\/\/aequivigor.ch\/wordpress\/wp-content\/uploads\/2020\/10\/CHIP-082020-300x165.png 300w, http:\/\/aequivigor.ch\/wordpress\/wp-content\/uploads\/2020\/10\/CHIP-082020-552x303.png 552w\" sizes=\"(max-width: 737px) 100vw, 737px\" \/><\/a>\n\t\t\t<\/div><\/figure>\n\t\t<\/div>\n\n<p><a href=\"http:\/\/aequivigor.ch\/wordpress\/wp-content\/uploads\/2020\/10\/CHIP-052020.png\">\u00a0<\/a><\/p>\n","protected":false},"excerpt":{"rendered":"<p class=\"post-excerpt\">Katzen Mia: Stressbedingter kahler Bauch Unsere Katze Mia kam vor 5 Jahren ungef\u00e4hr 1-j\u00e4hrig aus dem Tierheim zu uns. Im&#8230;<\/p>\n","protected":false},"author":4,"featured_media":0,"parent":0,"menu_order":0,"comment_status":"closed","ping_status":"closed","template":"","meta":[],"_links":{"self":[{"href":"http:\/\/aequivigor.ch\/wordpress\/index.php?rest_route=\/wp\/v2\/pages\/424"}],"collection":[{"href":"http:\/\/aequivigor.ch\/wordpress\/index.php?rest_route=\/wp\/v2\/pages"}],"about":[{"href":"http:\/\/aequivigor.ch\/wordpress\/index.php?rest_route=\/wp\/v2\/types\/page"}],"author":[{"embeddable":true,"href":"http:\/\/aequivigor.ch\/wordpress\/index.php?rest_route=\/wp\/v2\/users\/4"}],"replies":[{"embeddable":true,"href":"http:\/\/aequivigor.ch\/wordpress\/index.php?rest_route=%2Fwp%2Fv2%2Fcomments&post=424"}],"version-history":[{"count":57,"href":"http:\/\/aequivigor.ch\/wordpress\/index.php?rest_route=\/wp\/v2\/pages\/424\/revisions"}],"predecessor-version":[{"id":824,"href":"http:\/\/aequivigor.ch\/wordpress\/index.php?rest_route=\/wp\/v2\/pages\/424\/revisions\/824"}],"wp:attachment":[{"href":"http:\/\/aequivigor.ch\/wordpress\/index.php?rest_route=%2Fwp%2Fv2%2Fmedia&parent=424"}],"curies":[{"name":"wp","href":"https:\/\/api.w.org\/{rel}","templated":true}]}}